{"id":3,"date":"2025-07-30T08:09:35","date_gmt":"2025-07-30T08:09:35","guid":{"rendered":"https:\/\/mincool.org\/?page_id=3"},"modified":"2025-07-31T08:08:53","modified_gmt":"2025-07-31T08:08:53","slug":"datenschutzbestimmungen","status":"publish","type":"page","link":"https:\/\/mincool.org\/de\/datenschutzbestimmungen\/","title":{"rendered":"Datenschutzbestimmungen"},"content":{"rendered":"<h2 class=\"wp-block-heading\">Datenschutzbestimmungen<\/h2>\n\n\n\n<p><strong>1.<\/strong>&nbsp;<strong>Grundlegende Bestimmungen<\/strong><\/p>\n\n\n\n<p>1.1 Der f\u00fcr die Verarbeitung personenbezogener Daten Verantwortliche im Sinne von Artikel 4 Absatz 7 der Verordnung (EU) 2016\/679 des Europ\u00e4ischen Parlaments und des Rates zum Schutz nat\u00fcrlicher Personen bei der Verarbeitung personenbezogener Daten und zum freien Datenverkehr (im Folgenden: \u201e<strong>GDPR<\/strong>\u201d) ist SV\u011aT KAMEN\u016e s.r.o., ID-Nr.: 07496303, mit Sitz in n\u00e1b\u0159e\u017e\u00ed Dukelsk\u00fdch hrdin\u016f 2269, 756 61 Ro\u017enov pod Radho\u0161t\u011bm (nachstehend: \u201e<strong>Verwalter<\/strong>\u201c).<\/p>\n\n\n\n<p>1.2 Die Kontaktdaten des Verwalters sind - Pavla K\u0159enkov\u00e1<\/p>\n\n\n\n<p>Adresse: n\u00e1b\u0159e\u017e\u00ed Dukelsk\u00fdch hrdin\u016f 2269, 756 61 Ro\u017enov pod Radho\u0161t\u011bm.&nbsp;&nbsp;&nbsp;&nbsp;&nbsp;&nbsp;&nbsp;&nbsp;&nbsp;<\/p>\n\n\n\n<p>E-Mail: info@svetkamenu.cz<\/p>\n\n\n\n<p>Telefon: +420 571 657 766<\/p>\n\n\n\n<p>1.3 Personenbezogene Daten sind alle Informationen \u00fcber eine bestimmte oder bestimmbare nat\u00fcrliche Person; als bestimmbar wird eine nat\u00fcrliche Person angesehen, die direkt oder indirekt identifiziert werden kann, insbesondere durch Zuordnung zu einer Kennung wie einem Namen, zu einer Kennnummer, zu Standortdaten, zu einer Netzkennung oder zu einem oder mehreren besonderen Merkmalen der physischen, physiologischen, genetischen, psychischen, wirtschaftlichen, kulturellen oder sozialen Identit\u00e4t dieser nat\u00fcrlichen Person.<\/p>\n\n\n\n<p>1.4 Der f\u00fcr die Verarbeitung Verantwortliche hat keinen Datenschutzbeauftragten ernannt.<\/p>\n\n\n\n<p><strong>2.&nbsp;<\/strong><strong>Quellen und Kategorien der verarbeiteten personenbezogenen Daten<\/strong><\/p>\n\n\n\n<p>2.1 Der f\u00fcr die Verarbeitung Verantwortliche verarbeitet personenbezogene Daten, die Sie dem f\u00fcr die Verarbeitung Verantwortlichen zur Verf\u00fcgung gestellt haben, oder personenbezogene Daten, die der f\u00fcr die Verarbeitung Verantwortliche im Rahmen der Erf\u00fcllung Ihrer Bestellung erhalten hat.<\/p>\n\n\n\n<p>2.2 Der f\u00fcr die Verarbeitung Verantwortliche verarbeitet Ihre Identifikations- und Kontaktdaten sowie die f\u00fcr die Erf\u00fcllung des Vertrags erforderlichen Daten.<\/p>\n\n\n\n<p><strong>3.<\/strong>&nbsp;<strong>Z\u00e1<\/strong><strong>conn<\/strong><strong>Grund und Zweck der Verarbeitung personenbezogener Daten<\/strong><strong>ch&nbsp;<\/strong><strong>Daten<\/strong><\/p>\n\n\n\n<p>3.1 Der rechtm\u00e4\u00dfige Grund f\u00fcr die Verarbeitung personenbezogener Daten ist<\/p>\n\n\n\n<p>3.1.1. die Erf\u00fcllung des Vertrags zwischen Ihnen und dem f\u00fcr die Verarbeitung Verantwortlichen gem\u00e4\u00df Artikel 6 Absatz 1 Buchstabe b) DSGVO,<\/p>\n\n\n\n<p>3.1.2. das berechtigte Interesse des f\u00fcr die Verarbeitung Verantwortlichen an der Bereitstellung von Direktmarketing (insbesondere f\u00fcr die Zusendung von kommerziellen Mitteilungen und Newslettern) gem\u00e4\u00df Artikel 6 Absatz 1 Buchstabe f) DSGVO,<\/p>\n\n\n\n<p>3.1.3. Ihre Zustimmung zur Verarbeitung zum Zwecke des Direktmarketings (insbesondere zum Versand von kommerziellen Mitteilungen und Newslettern) gem\u00e4\u00df Artikel 6 Absatz 1 Buchstabe a) DSGVO in Verbindung mit Abschnitt 7 Absatz 2 des Gesetzes Nr. 480\/2004 Slg. \u00fcber bestimmte Dienste der Informationsgesellschaft, wenn keine Bestellung von Waren oder Dienstleistungen vorliegt.<\/p>\n\n\n\n<p>3.2 Der Zweck der Verarbeitung der personenbezogenen Daten ist<\/p>\n\n\n\n<p>3.2.1. die Abwicklung Ihrer Bestellung und die Wahrnehmung der Rechte und Pflichten aus dem Vertragsverh\u00e4ltnis zwischen Ihnen und dem Verwalter; bei der Bestellung werden personenbezogene Daten ben\u00f6tigt, die f\u00fcr die erfolgreiche Abwicklung der Bestellung notwendig sind (Name und Anschrift, Kontakt), die Bereitstellung der personenbezogenen Daten ist eine notwendige Voraussetzung f\u00fcr den Abschluss und die Erf\u00fcllung des Vertrages, ohne die Bereitstellung der personenbezogenen Daten ist der Abschluss des Vertrages oder dessen Erf\u00fcllung durch den Verwalter nicht m\u00f6glich,<\/p>\n\n\n\n<p>3.2.2. Versendung kommerzieller Mitteilungen und Durchf\u00fchrung anderer Marketingaktivit\u00e4ten.<\/p>\n\n\n\n<p>3.3 Es findet keine automatische Entscheidungsfindung durch den f\u00fcr die Verarbeitung Verantwortlichen im Sinne von Artikel 22 DSGVO statt. Sie haben Ihre ausdr\u00fcckliche Zustimmung zu einer solchen Verarbeitung gegeben.<\/p>\n\n\n\n<p><strong>4. Dauer der Datenspeicherung<\/strong><\/p>\n\n\n\n<p>4.1 Der f\u00fcr die Verarbeitung Verantwortliche speichert personenbezogene Daten<\/p>\n\n\n\n<p>4.1.1. f\u00fcr den Zeitraum, der f\u00fcr die Aus\u00fcbung der Rechte und Pflichten aus dem Vertragsverh\u00e4ltnis zwischen Ihnen und dem f\u00fcr die Verarbeitung Verantwortlichen und f\u00fcr die Geltendmachung von Anspr\u00fcchen aus diesen Vertragsverh\u00e4ltnissen erforderlich ist, sowie f\u00fcr den Zeitraum, der nach den einschl\u00e4gigen allgemein verbindlichen Rechtsvorschriften f\u00fcr Archivierungszwecke erforderlich ist, l\u00e4ngstens jedoch f\u00fcr den in den allgemein verbindlichen Rechtsvorschriften festgelegten Zeitraum.<\/p>\n\n\n\n<p>4.1.2. solange die Einwilligung in die Verarbeitung personenbezogener Daten zu Marketingzwecken widerrufen wird, wenn personenbezogene Daten auf der Grundlage einer Einwilligung verarbeitet werden.<\/p>\n\n\n\n<p>4.2 Nach Ablauf der Aufbewahrungsfrist hat der f\u00fcr die Verarbeitung Verantwortliche die personenbezogenen Daten zu l\u00f6schen.<\/p>\n\n\n\n<p><strong>5. Pers\u00f6nliche Beg\u00fcnstigte<\/strong><strong>ch&nbsp;<\/strong><strong>Daten (Unterauftragnehmer<\/strong><strong>\u00e9&nbsp;<\/strong><strong>spr<\/strong><strong>eine Partie)<\/strong><\/p>\n\n\n\n<p>5.1 Empf\u00e4nger von personenbezogenen Daten sind Personen<\/p>\n\n\n\n<p>5.1.1. die an der Lieferung von Waren\/Dienstleistungen\/Zahlungen im Rahmen des Vertrags beteiligt sind,<\/p>\n\n\n\n<p>5.1.2. die Erbringung von Dienstleistungen f\u00fcr den Betrieb des E-Shops und anderer Dienstleistungen im Zusammenhang mit dem Betrieb des E-Shops,<\/p>\n\n\n\n<p>5.1.3. die Erbringung von Marketingdienstleistungen.<\/p>\n\n\n\n<p>5.2 Der f\u00fcr die Verarbeitung Verantwortliche beabsichtigt nicht, personenbezogene Daten an ein Drittland (Nicht-EU-Land) oder eine internationale Organisation zu \u00fcbermitteln. Die Empf\u00e4nger personenbezogener Daten in Drittl\u00e4ndern sind Mailing-Dienstleister \/ Cloud-Service-Anbieter.<\/p>\n\n\n\n<p><strong>6. Deine Rechte<\/strong><\/p>\n\n\n\n<p>6.1 Gem\u00e4\u00df den Bestimmungen der Datenschutzgrundverordnung haben Sie<\/p>\n\n\n\n<p>6.1.1. das Recht auf Zugang zu Ihren personenbezogenen Daten gem\u00e4\u00df Artikel 15 GDPR,<\/p>\n\n\n\n<p>6.1.2. das Recht auf Berichtigung personenbezogener Daten gem\u00e4\u00df Artikel 16 der Datenschutz-Grundverordnung oder auf Einschr\u00e4nkung der Verarbeitung gem\u00e4\u00df Artikel 18 der Datenschutz-Grundverordnung.<\/p>\n\n\n\n<p>6.1.3. das Recht auf L\u00f6schung der personenbezogenen Daten gem\u00e4\u00df Artikel 17 DSGVO.<\/p>\n\n\n\n<p>6.1.4. das Recht auf Widerspruch gegen die Verarbeitung gem\u00e4\u00df Artikel 21 DSGVO; und<\/p>\n\n\n\n<p>6.1.5. das Recht auf Daten\u00fcbertragbarkeit gem\u00e4\u00df Artikel 20 der Datenschutz-Grundverordnung.<\/p>\n\n\n\n<p>6.1.6. das Recht, die Zustimmung zur Verarbeitung schriftlich oder auf elektronischem Wege an die in Artikel III dieser Bedingungen angegebene Anschrift oder E-Mail-Adresse des f\u00fcr die Verarbeitung Verantwortlichen zu widerrufen.<\/p>\n\n\n\n<p>6.2 Sie haben auch das Recht, eine Beschwerde beim Amt f\u00fcr den Schutz personenbezogener Daten einzureichen, wenn Sie der Meinung sind, dass Ihre Datenschutzrechte verletzt wurden.<\/p>\n\n\n\n<p><strong>7. Bedingungen f\u00fcr die Sicherheit personenbezogener Daten<\/strong><\/p>\n\n\n\n<p>7.1 Der f\u00fcr die Verarbeitung Verantwortliche erkl\u00e4rt, dass er alle geeigneten technischen und organisatorischen Ma\u00dfnahmen zum Schutz personenbezogener Daten getroffen hat.<\/p>\n\n\n\n<p>7.2 Der f\u00fcr die Verarbeitung Verantwortliche hat technische Ma\u00dfnahmen zur Sicherung der Datenspeicherung und der Speicherung personenbezogener Daten in Papierform getroffen.<\/p>\n\n\n\n<p>7.3 Der f\u00fcr die Verarbeitung Verantwortliche erkl\u00e4rt, dass nur von ihm autorisierte Personen Zugang zu personenbezogenen Daten haben.<\/p>\n\n\n\n<p><strong>8. Schlussbestimmungen<\/strong><\/p>\n\n\n\n<p>8.1 Mit dem Absenden einer Bestellung \u00fcber das Online-Bestellformular best\u00e4tigen Sie, dass Sie die Datenschutzbestimmungen zur Kenntnis genommen haben und diese in vollem Umfang akzeptieren.<\/p>\n\n\n\n<p>8.2 Sie stimmen diesen Bedingungen zu, indem Sie das Zustimmungsfeld im Online-Formular ankreuzen. Indem Sie das Zustimmungsfeld ankreuzen, best\u00e4tigen Sie, dass Sie die Datenschutzbestimmungen gelesen haben und sie in vollem Umfang akzeptieren.<\/p>\n\n\n\n<p>8.3 Der Verwalter ist berechtigt, diese Bedingungen zu \u00e4ndern. Er wird die neue Version der Datenschutzbestimmungen auf seiner Website ver\u00f6ffentlichen und Ihnen die neue Version der Datenschutzbestimmungen auch an die E-Mail-Adresse senden, die Sie dem f\u00fcr die Verarbeitung Verantwortlichen angegeben haben.<\/p>\n\n\n\n<p>Diese Bedingungen treten am 31. Juli 2025 in Kraft.<\/p>","protected":false},"excerpt":{"rendered":"<p>Podm\u00ednky ochrany osobn\u00edch \u00fadaj\u016f 1.&nbsp;Z\u00e1kladn\u00ed ustanoven\u00ed 1.1.&nbsp;Spr\u00e1vcem osobn\u00edch \u00fadaj\u016f podle \u010dl. 4 bod 7 na\u0159\u00edzen\u00ed Evropsk\u00e9ho parlamentu a&nbsp;Rady (EU) 2016\/679 o&nbsp;ochran\u011b fyzick\u00fdch osob v&nbsp;souvislosti se&nbsp;zpracov\u00e1n\u00edm osobn\u00edch \u00fadaj\u016f a&nbsp;o&nbsp;voln\u00e9m pohybu t\u011bchto \u00fadaj\u016f (d\u00e1le jen: \u201eGDPR\u201d) je SV\u011aT KAMEN\u016e s.r.o., I\u010c:&nbsp;07496303, se&nbsp;s\u00eddlem n\u00e1b\u0159e\u017e\u00ed Dukelsk\u00fdch hrdin\u016f 2269, 756 61 Ro\u017enov pod&nbsp;Radho\u0161t\u011bm (d\u00e1le jen: \u201espr\u00e1vce\u201c). 1.2.&nbsp;Kontaktn\u00ed \u00fadaje spr\u00e1vce jsou [&hellip;]<\/p>","protected":false},"author":1,"featured_media":0,"parent":0,"menu_order":0,"comment_status":"closed","ping_status":"closed","template":"","meta":{"footnotes":""},"class_list":["post-3","page","type-page","status-publish","hentry"],"aioseo_notices":[],"_links":{"self":[{"href":"https:\/\/mincool.org\/de\/wp-json\/wp\/v2\/pages\/3","targetHints":{"allow":["GET"]}}],"collection":[{"href":"https:\/\/mincool.org\/de\/wp-json\/wp\/v2\/pages"}],"about":[{"href":"https:\/\/mincool.org\/de\/wp-json\/wp\/v2\/types\/page"}],"author":[{"embeddable":true,"href":"https:\/\/mincool.org\/de\/wp-json\/wp\/v2\/users\/1"}],"replies":[{"embeddable":true,"href":"https:\/\/mincool.org\/de\/wp-json\/wp\/v2\/comments?post=3"}],"version-history":[{"count":1,"href":"https:\/\/mincool.org\/de\/wp-json\/wp\/v2\/pages\/3\/revisions"}],"predecessor-version":[{"id":130,"href":"https:\/\/mincool.org\/de\/wp-json\/wp\/v2\/pages\/3\/revisions\/130"}],"wp:attachment":[{"href":"https:\/\/mincool.org\/de\/wp-json\/wp\/v2\/media?parent=3"}],"curies":[{"name":"wp","href":"https:\/\/api.w.org\/{rel}","templated":true}]}}