{"id":3,"date":"2025-07-30T08:09:35","date_gmt":"2025-07-30T08:09:35","guid":{"rendered":"https:\/\/mincool.org\/?page_id=3"},"modified":"2025-07-31T08:08:53","modified_gmt":"2025-07-31T08:08:53","slug":"politica-de-privacidad","status":"publish","type":"page","link":"https:\/\/mincool.org\/es\/politica-de-privacidad\/","title":{"rendered":"Pol\u00edtica de privacidad"},"content":{"rendered":"<h2 class=\"wp-block-heading\">Pol\u00edtica de privacidad<\/h2>\n\n\n\n<p><strong>1.<\/strong>&nbsp;<strong>Disposiciones b\u00e1sicas<\/strong><\/p>\n\n\n\n<p>1.1. El responsable del tratamiento de datos personales de conformidad con el art\u00edculo 4, apartado 7, del Reglamento (UE) 2016\/679 del Parlamento Europeo y del Consejo relativo a la protecci\u00f3n de las personas f\u00edsicas en lo que respecta al tratamiento de datos personales y a la libre circulaci\u00f3n de estos datos (en lo sucesivo: \u201e<strong>GDPR<\/strong>\u201d) es SV\u011aT KAMEN\u016e s.r.o., DNI: 07496303, con domicilio social en n\u00e1b\u0159e\u017e\u00ed Dukelsk\u00fdch hrdin\u016f 2269, 756 61 Ro\u017enov pod Radho\u0161t\u011bm (en lo sucesivo: \u201e<strong>Administrador<\/strong>\u201c).<\/p>\n\n\n\n<p>1.2 Los datos de contacto del administrador son - Pavla K\u0159enkov\u00e1<\/p>\n\n\n\n<p>Direcci\u00f3n: n\u00e1b\u0159e\u017e\u00ed Dukelsk\u00fdch hrdin\u016f 2269, 756 61 Ro\u017enov pod Radho\u0161t\u011bm.&nbsp;&nbsp;&nbsp;&nbsp;&nbsp;&nbsp;&nbsp;&nbsp;&nbsp;<\/p>\n\n\n\n<p>Correo electr\u00f3nico: info@svetkamenu.cz<\/p>\n\n\n\n<p>tel\u00e9fono: +420 571 657 766<\/p>\n\n\n\n<p>1.3 Por datos personales se entender\u00e1 cualquier informaci\u00f3n sobre una persona f\u00edsica identificada o identificable; por persona f\u00edsica identificable se entender\u00e1 una persona f\u00edsica que pueda ser identificada, directa o indirectamente, en particular mediante un identificador como un nombre, un n\u00famero de identificaci\u00f3n, datos de localizaci\u00f3n, un identificador de red o uno o varios elementos espec\u00edficos de la identidad f\u00edsica, fisiol\u00f3gica, gen\u00e9tica, ps\u00edquica, econ\u00f3mica, cultural o social de dicha persona f\u00edsica.<\/p>\n\n\n\n<p>1.4 El responsable del tratamiento no ha nombrado a un delegado de protecci\u00f3n de datos.<\/p>\n\n\n\n<p><strong>2.&nbsp;<\/strong><strong>Fuentes y categor\u00edas de datos personales tratados<\/strong><\/p>\n\n\n\n<p>2.1 El responsable del tratamiento trata los datos personales que usted ha facilitado al responsable del tratamiento o los datos personales que el responsable del tratamiento ha obtenido como resultado del cumplimiento de su pedido.<\/p>\n\n\n\n<p>2.2 El responsable del tratamiento trata su identificaci\u00f3n, sus datos de contacto y los datos necesarios para la ejecuci\u00f3n del contrato.<\/p>\n\n\n\n<p><strong>3.<\/strong>&nbsp;<strong>Z\u00e1<\/strong><strong>conn<\/strong><strong>el motivo y la finalidad del tratamiento de los datos personales<\/strong><strong>ch&nbsp;<\/strong><strong>datos<\/strong><\/p>\n\n\n\n<p>3.1 La raz\u00f3n leg\u00edtima para tratar datos personales es<\/p>\n\n\n\n<p>3.1.1. ejecuci\u00f3n del contrato entre usted y el responsable del tratamiento de conformidad con el art\u00edculo 6, apartado 1, letra b) del RGPD,<\/p>\n\n\n\n<p>3.1.2. el inter\u00e9s leg\u00edtimo del responsable del tratamiento en proporcionar marketing directo (en particular para el env\u00edo de comunicaciones comerciales y boletines informativos) de conformidad con el art\u00edculo 6, apartado 1, letra f) del RGPD,<\/p>\n\n\n\n<p>3.1.3. su consentimiento para el tratamiento con fines de marketing directo (en particular, para el env\u00edo de comunicaciones comerciales y boletines informativos) de conformidad con el art\u00edculo 6, apartado 1, letra a) del RGPD en relaci\u00f3n con el art\u00edculo 7, apartado 2, de la Ley n\u00ba 480\/2004 sobre determinados servicios de la sociedad de la informaci\u00f3n, en ausencia de un pedido de bienes o servicios.<\/p>\n\n\n\n<p>3.2 La finalidad del tratamiento de los datos personales es<\/p>\n\n\n\n<p>3.2.1. tramitar su pedido y ejercer los derechos y obligaciones derivados de la relaci\u00f3n contractual entre usted y el administrador; al realizar un pedido, se requieren datos personales que son necesarios para la tramitaci\u00f3n satisfactoria del pedido (nombre y direcci\u00f3n, contacto), el suministro de datos personales es un requisito necesario para la celebraci\u00f3n y ejecuci\u00f3n del contrato, sin el suministro de datos personales, no es posible celebrar el contrato ni su ejecuci\u00f3n por parte del administrador,<\/p>\n\n\n\n<p>3.2.2. env\u00edo de comunicaciones comerciales y realizaci\u00f3n de otras actividades de marketing.<\/p>\n\n\n\n<p>3.3 El responsable del tratamiento no toma decisiones individuales de forma autom\u00e1tica en el sentido del art\u00edculo 22 del RGPD. Usted ha dado su consentimiento expl\u00edcito a dicho tratamiento.<\/p>\n\n\n\n<p><strong>4. Per\u00edodo de conservaci\u00f3n de los datos<\/strong><\/p>\n\n\n\n<p>4.1 El responsable del tratamiento almacenar\u00e1 los datos personales<\/p>\n\n\n\n<p>4.1.1. durante el per\u00edodo necesario para el ejercicio de los derechos y obligaciones derivados de la relaci\u00f3n contractual entre usted y el responsable del tratamiento y el ejercicio de las reclamaciones derivadas de estas relaciones contractuales, y durante el per\u00edodo necesario para fines de archivo en virtud de la normativa legal generalmente vinculante pertinente, pero no m\u00e1s all\u00e1 del per\u00edodo especificado por la normativa legal generalmente vinculante.<\/p>\n\n\n\n<p>4.1.2. mientras se retire el consentimiento al tratamiento de datos personales con fines de mercadotecnia, si los datos personales se tratan sobre la base del consentimiento.<\/p>\n\n\n\n<p>4.2 Una vez transcurrido el plazo de conservaci\u00f3n, el responsable del tratamiento suprimir\u00e1 los datos personales.<\/p>\n\n\n\n<p><strong>5. Beneficiarios personales<\/strong><strong>ch&nbsp;<\/strong><strong>datos (subcontratista<\/strong><strong>\u00e9&nbsp;<\/strong><strong>spr<\/strong><strong>un lote)<\/strong><\/p>\n\n\n\n<p>5.1 Los destinatarios de los datos personales son personas<\/p>\n\n\n\n<p>5.1.1. participar en la entrega de bienes \/ prestaci\u00f3n de servicios \/ realizaci\u00f3n de pagos en virtud del contrato,<\/p>\n\n\n\n<p>5.1.2. prestar servicios de funcionamiento de la tienda electr\u00f3nica y otros servicios relacionados con el funcionamiento de la tienda electr\u00f3nica,<\/p>\n\n\n\n<p>5.1.3. prestar servicios de marketing.<\/p>\n\n\n\n<p>5.2 El responsable del tratamiento no tiene intenci\u00f3n de transferir datos personales a un tercer pa\u00eds (pa\u00eds no perteneciente a la UE) o a una organizaci\u00f3n internacional. Los destinatarios de los datos personales en terceros pa\u00edses son proveedores de servicios de correo \/ proveedores de servicios en la nube.<\/p>\n\n\n\n<p><strong>6. Sus derechos<\/strong><\/p>\n\n\n\n<p>6.1 De conformidad con el GDPR, usted tiene derecho a<\/p>\n\n\n\n<p>6.1.1. el derecho a acceder a sus datos personales de conformidad con el art\u00edculo 15 del RGPD,<\/p>\n\n\n\n<p>6.1.2. el derecho de rectificaci\u00f3n de los datos personales de conformidad con el art\u00edculo 16 del RGPD o de restricci\u00f3n del tratamiento de conformidad con el art\u00edculo 18 del RGPD.<\/p>\n\n\n\n<p>6.1.3. el derecho a la supresi\u00f3n de los datos personales de conformidad con el art\u00edculo 17 del RGPD.<\/p>\n\n\n\n<p>6.1.4. el derecho a oponerse al tratamiento de conformidad con el art\u00edculo 21 del RGPD; y<\/p>\n\n\n\n<p>6.1.5. el derecho a la portabilidad de los datos con arreglo al art\u00edculo 20 del RGPD.<\/p>\n\n\n\n<p>6.1.6. el derecho a retirar el consentimiento al tratamiento por escrito o por v\u00eda electr\u00f3nica a la direcci\u00f3n o al correo electr\u00f3nico del responsable del tratamiento especificados en el art\u00edculo III de las presentes Condiciones.<\/p>\n\n\n\n<p>6.2 Tambi\u00e9n tiene derecho a presentar una reclamaci\u00f3n ante la Oficina de Protecci\u00f3n de Datos Personales si considera que se han vulnerado sus derechos en materia de protecci\u00f3n de datos.<\/p>\n\n\n\n<p><strong>7. Condiciones de seguridad de los datos personales<\/strong><\/p>\n\n\n\n<p>7.1 El responsable del tratamiento declara que ha adoptado todas las medidas t\u00e9cnicas y organizativas apropiadas para salvaguardar los datos personales.<\/p>\n\n\n\n<p>7.2 El responsable del tratamiento ha adoptado medidas t\u00e9cnicas para garantizar la seguridad del almacenamiento de datos personales en papel.<\/p>\n\n\n\n<p>7.3 El responsable del tratamiento declara que s\u00f3lo las personas autorizadas por \u00e9l tienen acceso a los datos personales.<\/p>\n\n\n\n<p><strong>8. Disposiciones finales<\/strong><\/p>\n\n\n\n<p>8.1 Al enviar un pedido desde el formulario de pedido en l\u00ednea, confirma que conoce la pol\u00edtica de privacidad y que la acepta en su totalidad.<\/p>\n\n\n\n<p>8.2 Usted acepta estas condiciones marcando la casilla de consentimiento a trav\u00e9s del formulario en l\u00ednea. Al marcar la casilla de consentimiento, confirma que ha le\u00eddo la pol\u00edtica de privacidad y que la acepta en su totalidad.<\/p>\n\n\n\n<p>8.3 El administrador tiene derecho a modificar estas condiciones. Publicar\u00e1 la nueva versi\u00f3n de la pol\u00edtica de privacidad en su sitio web y tambi\u00e9n le enviar\u00e1 la nueva versi\u00f3n de la pol\u00edtica de privacidad a la direcci\u00f3n de correo electr\u00f3nico que haya facilitado al administrador.<\/p>\n\n\n\n<p>Las presentes condiciones entrar\u00e1n en vigor el 31 de julio de 2025.<\/p>","protected":false},"excerpt":{"rendered":"<p>Podm\u00ednky ochrany osobn\u00edch \u00fadaj\u016f 1.&nbsp;Z\u00e1kladn\u00ed ustanoven\u00ed 1.1.&nbsp;Spr\u00e1vcem osobn\u00edch \u00fadaj\u016f podle \u010dl. 4 bod 7 na\u0159\u00edzen\u00ed Evropsk\u00e9ho parlamentu a&nbsp;Rady (EU) 2016\/679 o&nbsp;ochran\u011b fyzick\u00fdch osob v&nbsp;souvislosti se&nbsp;zpracov\u00e1n\u00edm osobn\u00edch \u00fadaj\u016f a&nbsp;o&nbsp;voln\u00e9m pohybu t\u011bchto \u00fadaj\u016f (d\u00e1le jen: \u201eGDPR\u201d) je SV\u011aT KAMEN\u016e s.r.o., I\u010c:&nbsp;07496303, se&nbsp;s\u00eddlem n\u00e1b\u0159e\u017e\u00ed Dukelsk\u00fdch hrdin\u016f 2269, 756 61 Ro\u017enov pod&nbsp;Radho\u0161t\u011bm (d\u00e1le jen: \u201espr\u00e1vce\u201c). 1.2.&nbsp;Kontaktn\u00ed \u00fadaje spr\u00e1vce jsou [&hellip;]<\/p>","protected":false},"author":1,"featured_media":0,"parent":0,"menu_order":0,"comment_status":"closed","ping_status":"closed","template":"","meta":{"footnotes":""},"class_list":["post-3","page","type-page","status-publish","hentry"],"aioseo_notices":[],"_links":{"self":[{"href":"https:\/\/mincool.org\/es\/wp-json\/wp\/v2\/pages\/3","targetHints":{"allow":["GET"]}}],"collection":[{"href":"https:\/\/mincool.org\/es\/wp-json\/wp\/v2\/pages"}],"about":[{"href":"https:\/\/mincool.org\/es\/wp-json\/wp\/v2\/types\/page"}],"author":[{"embeddable":true,"href":"https:\/\/mincool.org\/es\/wp-json\/wp\/v2\/users\/1"}],"replies":[{"embeddable":true,"href":"https:\/\/mincool.org\/es\/wp-json\/wp\/v2\/comments?post=3"}],"version-history":[{"count":1,"href":"https:\/\/mincool.org\/es\/wp-json\/wp\/v2\/pages\/3\/revisions"}],"predecessor-version":[{"id":130,"href":"https:\/\/mincool.org\/es\/wp-json\/wp\/v2\/pages\/3\/revisions\/130"}],"wp:attachment":[{"href":"https:\/\/mincool.org\/es\/wp-json\/wp\/v2\/media?parent=3"}],"curies":[{"name":"wp","href":"https:\/\/api.w.org\/{rel}","templated":true}]}}