{"id":3,"date":"2025-07-30T08:09:35","date_gmt":"2025-07-30T08:09:35","guid":{"rendered":"https:\/\/mincool.org\/?page_id=3"},"modified":"2025-07-31T08:08:53","modified_gmt":"2025-07-31T08:08:53","slug":"privacy-policy","status":"publish","type":"page","link":"https:\/\/mincool.org\/fr\/privacy-policy\/","title":{"rendered":"Politique de confidentialit\u00e9"},"content":{"rendered":"<h2 class=\"wp-block-heading\">Podm\u00ednky ochrany osobn\u00edch \u00fadaj\u016f<\/h2>\n\n\n\n<p><strong>1.<\/strong>&nbsp;<strong>Z\u00e1kladn\u00ed ustanoven\u00ed<\/strong><\/p>\n\n\n\n<p>1.1.&nbsp;Spr\u00e1vcem osobn\u00edch \u00fadaj\u016f podle \u010dl. 4 bod 7 na\u0159\u00edzen\u00ed Evropsk\u00e9ho parlamentu a&nbsp;Rady (EU) 2016\/679 o&nbsp;ochran\u011b fyzick\u00fdch osob v&nbsp;souvislosti se&nbsp;zpracov\u00e1n\u00edm osobn\u00edch \u00fadaj\u016f a&nbsp;o&nbsp;voln\u00e9m pohybu t\u011bchto \u00fadaj\u016f (d\u00e1le jen: \u201e<strong>GDPR<\/strong>\u201d) je SV\u011aT KAMEN\u016e s.r.o., I\u010c:&nbsp;07496303, se&nbsp;s\u00eddlem n\u00e1b\u0159e\u017e\u00ed Dukelsk\u00fdch hrdin\u016f 2269, 756 61 Ro\u017enov pod&nbsp;Radho\u0161t\u011bm (d\u00e1le jen: \u201e<strong>spr\u00e1vce<\/strong>\u201c).<\/p>\n\n\n\n<p>1.2.&nbsp;Kontaktn\u00ed \u00fadaje spr\u00e1vce jsou &#8211; Pavla K\u0159enkov\u00e1<\/p>\n\n\n\n<p>adresa: n\u00e1b\u0159e\u017e\u00ed Dukelsk\u00fdch hrdin\u016f 2269, 756 61 Ro\u017enov pod&nbsp;Radho\u0161t\u011bm.&nbsp;&nbsp;&nbsp;&nbsp;&nbsp;&nbsp;&nbsp;&nbsp;&nbsp;<\/p>\n\n\n\n<p>email: info@svetkamenu.cz<\/p>\n\n\n\n<p>telefon: +420 571 657 766<\/p>\n\n\n\n<p>1.3.&nbsp;Osobn\u00edmi \u00fadaji se&nbsp;rozum\u00ed ve\u0161ker\u00e9 informace o&nbsp;identifikovan\u00e9 nebo identifikovateln\u00e9 fyzick\u00e9 osob\u011b; identifikovatelnou fyzickou osobou je fyzick\u00e1 osoba, kterou lze p\u0159\u00edmo \u010di&nbsp;nep\u0159\u00edmo identifikovat, zejm\u00e9na odkazem na&nbsp;ur\u010dit\u00fd identifik\u00e1tor, nap\u0159\u00edklad jm\u00e9no, identifika\u010dn\u00ed \u010d\u00edslo, loka\u010dn\u00ed \u00fadaje, s\u00ed\u0165ov\u00fd identifik\u00e1tor nebo na&nbsp;jeden \u010di&nbsp;v\u00edce zvl\u00e1\u0161tn\u00edch prvk\u016f fyzick\u00e9, fyziologick\u00e9, genetick\u00e9, psychick\u00e9, ekonomick\u00e9, kulturn\u00ed nebo spole\u010densk\u00e9 identity t\u00e9to fyzick\u00e9 osoby.<\/p>\n\n\n\n<p>1.4.&nbsp;Spr\u00e1vce nejmenoval pov\u011b\u0159ence pro&nbsp;ochranu osobn\u00edch \u00fadaj\u016f.<\/p>\n\n\n\n<p><strong>2.&nbsp;<\/strong><strong>Zdroje a&nbsp;kategorie zpracov\u00e1van\u00fdch osobn\u00edch \u00fadaj\u016f<\/strong><\/p>\n\n\n\n<p>2.1.&nbsp;Spr\u00e1vce zpracov\u00e1v\u00e1 osobn\u00ed \u00fadaje, kter\u00e9 jste mu poskytl\/a&nbsp;nebo osobn\u00ed \u00fadaje, kter\u00e9 spr\u00e1vce z\u00edskal na&nbsp;z\u00e1klad\u011b pln\u011bn\u00ed Va\u0161\u00ed objedn\u00e1vky.<\/p>\n\n\n\n<p>2.2.&nbsp;Spr\u00e1vce zpracov\u00e1v\u00e1 Va\u0161e identifika\u010dn\u00ed a&nbsp;kontaktn\u00ed \u00fadaje a&nbsp;\u00fadaje nezbytn\u00e9 pro&nbsp;pln\u011bn\u00ed smlouvy.<\/p>\n\n\n\n<p><strong>3.<\/strong>&nbsp;<strong>Z\u00e1<\/strong><strong>konn<\/strong><strong>\u00fd d\u016fvod a&nbsp;\u00fa\u010del zpracov\u00e1n\u00ed osobn\u00ed<\/strong><strong>ch&nbsp;<\/strong><strong>\u00fadaj\u016f<\/strong><\/p>\n\n\n\n<p>3.1.&nbsp;Z\u00e1konn\u00fdm d\u016fvodem zpracov\u00e1n\u00ed osobn\u00edch \u00fadaj\u016f je<\/p>\n\n\n\n<p>3.1.1. pln\u011bn\u00ed smlouvy mezi V\u00e1mi a&nbsp;spr\u00e1vcem podle \u010dl. 6 odst. 1 p\u00edsm. b) GDPR,<\/p>\n\n\n\n<p>3.1.2. opr\u00e1vn\u011bn\u00fd z\u00e1jem spr\u00e1vce na&nbsp;poskytov\u00e1n\u00ed p\u0159\u00edm\u00e9ho marketingu (zejm\u00e9na pro&nbsp;zas\u00edl\u00e1n\u00ed obchodn\u00edch sd\u011blen\u00ed a&nbsp;newsletter\u016f) podle \u010dl. 6 odst. 1 p\u00edsm. f) GDPR,<\/p>\n\n\n\n<p>3.1.3. V\u00e1\u0161 souhlas se&nbsp;zpracov\u00e1n\u00edm pro&nbsp;\u00fa\u010dely poskytov\u00e1n\u00ed p\u0159\u00edm\u00e9ho marketingu (zejm\u00e9na pro&nbsp;zas\u00edl\u00e1n\u00ed obchodn\u00edch sd\u011blen\u00ed a&nbsp;newsletter\u016f) podle \u010dl. 6 odst. 1 p\u00edsm. a) GDPR ve&nbsp;spojen\u00ed s&nbsp;\u00a7 7 odst. 2 z\u00e1kona \u010d.&nbsp;480\/2004 Sb., o&nbsp;n\u011bkter\u00fdch slu\u017eb\u00e1ch informa\u010dn\u00ed spole\u010dnosti v&nbsp;p\u0159\u00edpad\u011b, \u017ee nedo\u0161lo k&nbsp;objedn\u00e1vce zbo\u017e\u00ed nebo slu\u017eby.<\/p>\n\n\n\n<p>3.2.&nbsp;\u00da\u010delem zpracov\u00e1n\u00ed osobn\u00edch \u00fadaj\u016f je<\/p>\n\n\n\n<p>3.2.1. vy\u0159\u00edzen\u00ed Va\u0161\u00ed objedn\u00e1vky a&nbsp;v\u00fdkon pr\u00e1v a&nbsp;povinnost\u00ed vypl\u00fdvaj\u00edc\u00edch ze&nbsp;smluvn\u00edho vztahu mezi V\u00e1mi a&nbsp;spr\u00e1vcem; p\u0159i&nbsp;objedn\u00e1vce jsou vy\u017eadov\u00e1ny osobn\u00ed \u00fadaje, kter\u00e9 jsou nutn\u00e9 pro&nbsp;\u00fasp\u011b\u0161n\u00e9 vy\u0159\u00edzen\u00ed objedn\u00e1vky (jm\u00e9no a&nbsp;adresa, kontakt), poskytnut\u00ed osobn\u00edch \u00fadaj\u016f je nutn\u00fdm po\u017eadavkem pro&nbsp;uzav\u0159en\u00ed a&nbsp;pln\u011bn\u00ed smlouvy, bez&nbsp;poskytnut\u00ed osobn\u00edch \u00fadaj\u016f nen\u00ed mo\u017en\u00e9 smlouvu uzav\u0159\u00edt \u010di&nbsp;j\u00ed ze&nbsp;strany spr\u00e1vce plnit,<\/p>\n\n\n\n<p>3.2.2. zas\u00edl\u00e1n\u00ed obchodn\u00edch sd\u011blen\u00ed a&nbsp;\u010din\u011bn\u00ed dal\u0161\u00edch marketingov\u00fdch aktivit.<\/p>\n\n\n\n<p>3.3. Ze&nbsp;strany spr\u00e1vce nedoch\u00e1z\u00ed k&nbsp;automatick\u00e9mu individu\u00e1ln\u00edmu rozhodov\u00e1n\u00ed ve&nbsp;smyslu \u010dl. 22 GDPR. S&nbsp;takov\u00fdm zpracov\u00e1n\u00edm jste poskytl\/a&nbsp;sv\u016fj v\u00fdslovn\u00fd souhlas.<\/p>\n\n\n\n<p><strong>4.&nbsp;Doba uchov\u00e1v\u00e1n\u00ed \u00fadaj\u016f<\/strong><\/p>\n\n\n\n<p>4.1.&nbsp;Spr\u00e1vce uchov\u00e1v\u00e1 osobn\u00ed \u00fadaje<\/p>\n\n\n\n<p>4.1.1. po&nbsp;dobu nezbytnou k&nbsp;v\u00fdkonu pr\u00e1v a&nbsp;povinnost\u00ed vypl\u00fdvaj\u00edc\u00edch ze&nbsp;smluvn\u00edho vztahu mezi V\u00e1mi a&nbsp;spr\u00e1vcem a&nbsp;uplat\u0148ov\u00e1n\u00ed n\u00e1rok\u016f z&nbsp;t\u011bchto smluvn\u00edch vztah\u016f, a&nbsp;d\u00e1le po&nbsp;dobu nutnou pro&nbsp;\u00fa\u010dely archivov\u00e1n\u00ed podle p\u0159\u00edslu\u0161n\u00fdch obecn\u011b z\u00e1vazn\u00fdch pr\u00e1vn\u00edch p\u0159edpis\u016f, nejd\u00e9le v\u0161ak po&nbsp;dobu stanovenou obecn\u011b z\u00e1vazn\u00fdmi pr\u00e1vn\u00edmi p\u0159edpisy.<\/p>\n\n\n\n<p>4.1.2. po&nbsp;dobu, ne\u017e je odvol\u00e1n souhlas se&nbsp;zpracov\u00e1n\u00edm osobn\u00edch \u00fadaj\u016f pro&nbsp;\u00fa\u010dely marketingu, jsou-li osobn\u00ed \u00fadaje zpracov\u00e1v\u00e1ny na&nbsp;z\u00e1klad\u011b souhlasu.<\/p>\n\n\n\n<p>4.2.&nbsp;Po&nbsp;uplynut\u00ed doby uchov\u00e1v\u00e1n\u00ed osobn\u00edch \u00fadaj\u016f spr\u00e1vce osobn\u00ed \u00fadaje vyma\u017ee.<\/p>\n\n\n\n<p><strong>5. P\u0159\u00edjemci osobn\u00ed<\/strong><strong>ch&nbsp;<\/strong><strong>\u00fadaj\u016f (subdodavatel<\/strong><strong>\u00e9&nbsp;<\/strong><strong>spr<\/strong><strong>\u00e1vce)<\/strong><\/p>\n\n\n\n<p>5.1.&nbsp;P\u0159\u00edjemci osobn\u00edch \u00fadaj\u016f jsou osoby<\/p>\n\n\n\n<p>5.1.1. pod\u00edlej\u00edc\u00ed se&nbsp;na&nbsp;dod\u00e1n\u00ed zbo\u017e\u00ed \/ slu\u017eeb \/ realizaci plateb na&nbsp;z\u00e1klad\u011b smlouvy,<\/p>\n\n\n\n<p>5.1.2. zaji\u0161\u0165uj\u00edc\u00ed slu\u017eby provozov\u00e1n\u00ed e-shopu a&nbsp;dal\u0161\u00ed slu\u017eby v&nbsp;souvislosti s&nbsp;provozov\u00e1n\u00edm e-shopu,<\/p>\n\n\n\n<p>5.1.3. zaji\u0161\u0165uj\u00edc\u00ed marketingov\u00e9 slu\u017eby.<\/p>\n\n\n\n<p>5.2.&nbsp;Spr\u00e1vce nem\u00e1 v&nbsp;\u00famyslu p\u0159edat osobn\u00ed \u00fadaje do&nbsp;t\u0159et\u00ed zem\u011b (do&nbsp;zem\u011b mimo EU) nebo mezin\u00e1rodn\u00ed organizaci. P\u0159\u00edjemci osobn\u00edch \u00fadaj\u016f ve&nbsp;t\u0159et\u00edch zem\u00edch jsou poskytovatel\u00e9 mailingov\u00fdch slu\u017eeb \/ cloudov\u00fdch slu\u017eeb.<\/p>\n\n\n\n<p><strong>6.&nbsp;Va\u0161e pr\u00e1va<\/strong><\/p>\n\n\n\n<p>6.1.&nbsp;Za&nbsp;podm\u00ednek stanoven\u00fdch v&nbsp;GDPR m\u00e1te<\/p>\n\n\n\n<p>6.1.1. pr\u00e1vo na&nbsp;p\u0159\u00edstup ke&nbsp;sv\u00fdm osobn\u00edm \u00fadaj\u016fm dle&nbsp;\u010dl. 15 GDPR,<\/p>\n\n\n\n<p>6.1.2. pr\u00e1vo opravu osobn\u00edch \u00fadaj\u016f dle&nbsp;\u010dl. 16 GDPR, pop\u0159\u00edpad\u011b omezen\u00ed zpracov\u00e1n\u00ed dle&nbsp;\u010dl. 18 GDPR.<\/p>\n\n\n\n<p>6.1.3. pr\u00e1vo na&nbsp;v\u00fdmaz osobn\u00edch \u00fadaj\u016f dle&nbsp;\u010dl. 17 GDPR.<\/p>\n\n\n\n<p>6.1.4. pr\u00e1vo vzn\u00e9st n\u00e1mitku proti zpracov\u00e1n\u00ed dle&nbsp;\u010dl. 21 GDPR a<\/p>\n\n\n\n<p>6.1.5. pr\u00e1vo na&nbsp;p\u0159enositelnost \u00fadaj\u016f dle&nbsp;\u010dl. 20 GDPR.<\/p>\n\n\n\n<p>6.1.6. pr\u00e1vo odvolat souhlas se&nbsp;zpracov\u00e1n\u00edm p\u00edsemn\u011b nebo elektronicky na&nbsp;adresu nebo email spr\u00e1vce uveden\u00fd v&nbsp;\u010dl. III t\u011bchto podm\u00ednek.<\/p>\n\n\n\n<p>6.2.&nbsp;D\u00e1le m\u00e1te pr\u00e1vo podat st\u00ed\u017enost u&nbsp;\u00da\u0159adu pro&nbsp;ochranu osobn\u00edch \u00fadaj\u016f v&nbsp;p\u0159\u00edpad\u011b, \u017ee se&nbsp;domn\u00edv\u00e1te, \u017ee bylo poru\u0161eno Va\u0161\u00ed pr\u00e1vo na&nbsp;ochranu osobn\u00edch \u00fadaj\u016f.<\/p>\n\n\n\n<p><strong>7.&nbsp;Podm\u00ednky zabezpe\u010den\u00ed osobn\u00edch \u00fadaj\u016f<\/strong><\/p>\n\n\n\n<p>7.1. Spr\u00e1vce prohla\u0161uje, \u017ee p\u0159ijal ve\u0161ker\u00e1 vhodn\u00e1 technick\u00e1 a&nbsp;organiza\u010dn\u00ed opat\u0159en\u00ed k&nbsp;zabezpe\u010den\u00ed osobn\u00edch \u00fadaj\u016f.<\/p>\n\n\n\n<p>7.2. Spr\u00e1vce p\u0159ijal technick\u00e1 opat\u0159en\u00ed k&nbsp;zabezpe\u010den\u00ed datov\u00fdch \u00falo\u017ei\u0161\u0165 a&nbsp;\u00falo\u017ei\u0161\u0165 osobn\u00edch \u00fadaj\u016f v&nbsp;listinn\u00e9 podob\u011b.<\/p>\n\n\n\n<p>7.3. Spr\u00e1vce prohla\u0161uje, \u017ee k&nbsp;osobn\u00edm \u00fadaj\u016fm maj\u00ed p\u0159\u00edstup pouze j\u00edm pov\u011b\u0159en\u00e9 osoby.<\/p>\n\n\n\n<p><strong>8.&nbsp;Z\u00e1v\u011bre\u010dn\u00e1 ustanoven\u00ed<\/strong><\/p>\n\n\n\n<p>8.1. Odesl\u00e1n\u00edm objedn\u00e1vky z&nbsp;internetov\u00e9ho objedn\u00e1vkov\u00e9ho formul\u00e1\u0159e potvrzujete, \u017ee jste sezn\u00e1men\/a&nbsp;s&nbsp;podm\u00ednkami ochrany osobn\u00edch \u00fadaj\u016f a&nbsp;\u017ee je v&nbsp;cel\u00e9m rozsahu p\u0159ij\u00edm\u00e1te.<\/p>\n\n\n\n<p>8.2. S&nbsp;t\u011bmito podm\u00ednkami souhlas\u00edte za\u0161krtnut\u00edm souhlasu prost\u0159ednictv\u00edm internetov\u00e9ho formul\u00e1\u0159e. Za\u0161krtnut\u00edm souhlasu potvrzujete, \u017ee jste sezn\u00e1men\/a&nbsp;s&nbsp;podm\u00ednkami ochrany osobn\u00edch \u00fadaj\u016f a&nbsp;\u017ee je v&nbsp;cel\u00e9m rozsahu p\u0159ij\u00edm\u00e1te.<\/p>\n\n\n\n<p>8.3. Spr\u00e1vce je opr\u00e1vn\u011bn tyto podm\u00ednky zm\u011bnit. Novou verzi podm\u00ednek ochrany osobn\u00edch \u00fadaj\u016f zve\u0159ejn\u00ed na&nbsp;sv\u00fdch internetov\u00fdch str\u00e1nk\u00e1ch a&nbsp;z\u00e1rove\u0148 V\u00e1m za\u0161le novou verzi t\u011bchto podm\u00ednek Va\u0161i e-mailovou adresu, kterou jste spr\u00e1vci poskytl\/a.<\/p>\n\n\n\n<p>Tyto podm\u00ednky nab\u00fdvaj\u00ed \u00fa\u010dinnosti dnem 31. 7. 2025<\/p>","protected":false},"excerpt":{"rendered":"<p>Podm\u00ednky ochrany osobn\u00edch \u00fadaj\u016f 1.&nbsp;Z\u00e1kladn\u00ed ustanoven\u00ed 1.1.&nbsp;Spr\u00e1vcem osobn\u00edch \u00fadaj\u016f podle \u010dl. 4 bod 7 na\u0159\u00edzen\u00ed Evropsk\u00e9ho parlamentu a&nbsp;Rady (EU) 2016\/679 o&nbsp;ochran\u011b fyzick\u00fdch osob v&nbsp;souvislosti se&nbsp;zpracov\u00e1n\u00edm osobn\u00edch \u00fadaj\u016f a&nbsp;o&nbsp;voln\u00e9m pohybu t\u011bchto \u00fadaj\u016f (d\u00e1le jen: \u201eGDPR\u201d) je SV\u011aT KAMEN\u016e s.r.o., I\u010c:&nbsp;07496303, se&nbsp;s\u00eddlem n\u00e1b\u0159e\u017e\u00ed Dukelsk\u00fdch hrdin\u016f 2269, 756 61 Ro\u017enov pod&nbsp;Radho\u0161t\u011bm (d\u00e1le jen: \u201espr\u00e1vce\u201c). 1.2.&nbsp;Kontaktn\u00ed \u00fadaje spr\u00e1vce jsou [&hellip;]<\/p>","protected":false},"author":1,"featured_media":0,"parent":0,"menu_order":0,"comment_status":"closed","ping_status":"closed","template":"","meta":{"footnotes":""},"class_list":["post-3","page","type-page","status-publish","hentry"],"aioseo_notices":[],"_links":{"self":[{"href":"https:\/\/mincool.org\/fr\/wp-json\/wp\/v2\/pages\/3","targetHints":{"allow":["GET"]}}],"collection":[{"href":"https:\/\/mincool.org\/fr\/wp-json\/wp\/v2\/pages"}],"about":[{"href":"https:\/\/mincool.org\/fr\/wp-json\/wp\/v2\/types\/page"}],"author":[{"embeddable":true,"href":"https:\/\/mincool.org\/fr\/wp-json\/wp\/v2\/users\/1"}],"replies":[{"embeddable":true,"href":"https:\/\/mincool.org\/fr\/wp-json\/wp\/v2\/comments?post=3"}],"version-history":[{"count":1,"href":"https:\/\/mincool.org\/fr\/wp-json\/wp\/v2\/pages\/3\/revisions"}],"predecessor-version":[{"id":130,"href":"https:\/\/mincool.org\/fr\/wp-json\/wp\/v2\/pages\/3\/revisions\/130"}],"wp:attachment":[{"href":"https:\/\/mincool.org\/fr\/wp-json\/wp\/v2\/media?parent=3"}],"curies":[{"name":"wp","href":"https:\/\/api.w.org\/{rel}","templated":true}]}}