{"id":3,"date":"2025-07-30T08:09:35","date_gmt":"2025-07-30T08:09:35","guid":{"rendered":"https:\/\/mincool.org\/?page_id=3"},"modified":"2025-07-31T08:08:53","modified_gmt":"2025-07-31T08:08:53","slug":"adatvedelmi-politika","status":"publish","type":"page","link":"https:\/\/mincool.org\/hu\/adatvedelmi-politika\/","title":{"rendered":"Adatv\u00e9delmi ir\u00e1nyelvek"},"content":{"rendered":"<h2 class=\"wp-block-heading\">Adatv\u00e9delmi ir\u00e1nyelvek<\/h2>\n\n\n\n<p><strong>1.<\/strong>&nbsp;<strong>Alapvet\u0151 rendelkez\u00e9sek<\/strong><\/p>\n\n\n\n<p>1.1. A term\u00e9szetes szem\u00e9lyeknek a szem\u00e9lyes adatok kezel\u00e9se tekintet\u00e9ben t\u00f6rt\u00e9n\u0151 v\u00e9delm\u00e9r\u0151l \u00e9s az ilyen adatok szabad \u00e1raml\u00e1s\u00e1r\u00f3l sz\u00f3l\u00f3 (EU) 2016\/679 eur\u00f3pai parlamenti \u00e9s tan\u00e1csi rendelet 4. cikk\u00e9nek (7) bekezd\u00e9se szerinti szem\u00e9lyes adatok kezel\u0151je (a tov\u00e1bbiakban: \u201e<strong>GDPR<\/strong>\u201d) a SV\u011aT KAMEN\u016e s.r.o., szem\u00e9lyi azonos\u00edt\u00f3 sz\u00e1ma: 07496303, sz\u00e9khelye: n\u00e1b\u0159e\u017e\u00ed Dukelsk\u00fdch hrdin\u016f 2269, 756 61 Ro\u017enov pod Radho\u0161t\u011bm (a tov\u00e1bbiakban: \u201e(a)\").\u201e<strong>Adminisztr\u00e1tor<\/strong>\u201c).<\/p>\n\n\n\n<p>1.2 Az adminisztr\u00e1tor el\u00e9rhet\u0151s\u00e9gei - Pavla K\u0159enkov\u00e1<\/p>\n\n\n\n<p>C\u00edm: n\u00e1b\u0159e\u017e\u00ed Dukelsk\u00fdch hrdin\u016f 2269, 756 61 Ro\u017enov pod Radho\u0161t\u011bm.&nbsp;&nbsp;&nbsp;&nbsp;&nbsp;&nbsp;&nbsp;&nbsp;&nbsp;<\/p>\n\n\n\n<p>E-mail: info@svetkamenu.cz<\/p>\n\n\n\n<p>telefon: +420 571 657 766<\/p>\n\n\n\n<p>1.3 Szem\u00e9lyes adat: azonos\u00edtott vagy azonos\u00edthat\u00f3 term\u00e9szetes szem\u00e9lyre vonatkoz\u00f3 b\u00e1rmely inform\u00e1ci\u00f3; azonos\u00edthat\u00f3 term\u00e9szetes szem\u00e9ly az a term\u00e9szetes szem\u00e9ly, aki k\u00f6zvetlen\u00fcl vagy k\u00f6zvetve azonos\u00edthat\u00f3, k\u00fcl\u00f6n\u00f6sen valamely azonos\u00edt\u00f3, p\u00e9ld\u00e1ul n\u00e9v, azonos\u00edt\u00f3 sz\u00e1m, helymeghat\u00e1roz\u00f3 adat, h\u00e1l\u00f3zati azonos\u00edt\u00f3 vagy az adott term\u00e9szetes szem\u00e9ly fizikai, fiziol\u00f3giai, genetikai, ment\u00e1lis, gazdas\u00e1gi, kultur\u00e1lis vagy szoci\u00e1lis identit\u00e1s\u00e1nak egy vagy t\u00f6bb konkr\u00e9t eleme alapj\u00e1n.<\/p>\n\n\n\n<p>1.4 Az adatkezel\u0151 nem nevezett ki adatv\u00e9delmi tisztvisel\u0151t.<\/p>\n\n\n\n<p><strong>2.&nbsp;<\/strong><strong>A feldolgozott szem\u00e9lyes adatok forr\u00e1sai \u00e9s kateg\u00f3ri\u00e1i<\/strong><\/p>\n\n\n\n<p>2.1 Az adatkezel\u0151 kezeli azokat a szem\u00e9lyes adatokat, amelyeket \u00d6n az adatkezel\u0151nek megadott, vagy azokat a szem\u00e9lyes adatokat, amelyeket az adatkezel\u0151 az \u00d6n megrendel\u00e9s\u00e9nek teljes\u00edt\u00e9se sor\u00e1n kapott.<\/p>\n\n\n\n<p>2.2 Az adatkezel\u0151 kezeli az \u00d6n azonos\u00edt\u00f3, kapcsolattart\u00e1si \u00e9s a szerz\u0151d\u00e9s teljes\u00edt\u00e9s\u00e9hez sz\u00fcks\u00e9ges adatokat.<\/p>\n\n\n\n<p><strong>3.<\/strong>&nbsp;<strong>Z\u00e1<\/strong><strong>conn<\/strong><strong>a szem\u00e9lyes adatok feldolgoz\u00e1s\u00e1nak oka \u00e9s c\u00e9lja<\/strong><strong>ch&nbsp;<\/strong><strong>adatok<\/strong><\/p>\n\n\n\n<p>3.1 A szem\u00e9lyes adatok feldolgoz\u00e1s\u00e1nak t\u00f6rv\u00e9nyes oka a k\u00f6vetkez\u0151<\/p>\n\n\n\n<p>3.1.1. az \u00d6n \u00e9s az adatkezel\u0151 k\u00f6z\u00f6tti szerz\u0151d\u00e9s teljes\u00edt\u00e9se a GDPR 6. cikke (1) bekezd\u00e9s\u00e9nek b) pontja szerint,<\/p>\n\n\n\n<p>3.1.2. az adatkezel\u0151nek a GDPR 6. cikke (1) bekezd\u00e9s\u00e9nek f) pontja szerinti jogos \u00e9rdeke a k\u00f6zvetlen \u00fczletszerz\u00e9shez (k\u00fcl\u00f6n\u00f6sen a kereskedelmi kommunik\u00e1ci\u00f3 \u00e9s h\u00edrlevelek k\u00fcld\u00e9s\u00e9hez),<\/p>\n\n\n\n<p>3.1.3. a GDPR 6. cikke (1) bekezd\u00e9s\u00e9nek a) pontja szerinti, az inform\u00e1ci\u00f3s t\u00e1rsadalom egyes szolg\u00e1ltat\u00e1sair\u00f3l sz\u00f3l\u00f3 480\/2004. sz. t\u00f6rv\u00e9ny 7. szakasz\u00e1nak (2) bekezd\u00e9s\u00e9vel \u00f6sszef\u00fcgg\u00e9sben \u00e9rtelmezett, k\u00f6zvetlen marketing c\u00e9l\u00fa (k\u00fcl\u00f6n\u00f6sen kereskedelmi kommunik\u00e1ci\u00f3 \u00e9s h\u00edrlevelek k\u00fcld\u00e9s\u00e9re vonatkoz\u00f3) adatkezel\u00e9shez val\u00f3 hozz\u00e1j\u00e1rul\u00e1sa, amennyiben nem rendel meg \u00e1rut vagy szolg\u00e1ltat\u00e1st.<\/p>\n\n\n\n<p>3.2 A szem\u00e9lyes adatok feldolgoz\u00e1s\u00e1nak c\u00e9lja a k\u00f6vetkez\u0151<\/p>\n\n\n\n<p>3.2.1. az \u00d6n megrendel\u00e9s\u00e9nek feldolgoz\u00e1sa, valamint az \u00d6n \u00e9s az \u00fcgyint\u00e9z\u0151 k\u00f6z\u00f6tti szerz\u0151d\u00e9ses kapcsolatb\u00f3l ered\u0151 jogok \u00e9s k\u00f6telezetts\u00e9gek gyakorl\u00e1sa; a megrendel\u00e9s lead\u00e1sakor olyan szem\u00e9lyes adatokra van sz\u00fcks\u00e9g, amelyek a megrendel\u00e9s sikeres feldolgoz\u00e1s\u00e1hoz sz\u00fcks\u00e9gesek (n\u00e9v \u00e9s c\u00edm, el\u00e9rhet\u0151s\u00e9g), a szem\u00e9lyes adatok megad\u00e1sa a szerz\u0151d\u00e9s megk\u00f6t\u00e9s\u00e9hez \u00e9s teljes\u00edt\u00e9s\u00e9hez sz\u00fcks\u00e9ges k\u00f6vetelm\u00e9ny, a szem\u00e9lyes adatok megad\u00e1sa n\u00e9lk\u00fcl nem lehets\u00e9ges a szerz\u0151d\u00e9s megk\u00f6t\u00e9se vagy annak az \u00fcgyint\u00e9z\u0151 \u00e1ltali teljes\u00edt\u00e9se,<\/p>\n\n\n\n<p>3.2.2. kereskedelmi kommunik\u00e1ci\u00f3 k\u00fcld\u00e9se \u00e9s egy\u00e9b marketingtev\u00e9kenys\u00e9gek v\u00e9gz\u00e9se.<\/p>\n\n\n\n<p>3.3 Az adatkezel\u0151 nem v\u00e9gez automatikus egyedi d\u00f6nt\u00e9shozatalt a GDPR 22. cikke \u00e9rtelm\u00e9ben. \u00d6n kifejezett hozz\u00e1j\u00e1rul\u00e1s\u00e1t adta az ilyen feldolgoz\u00e1shoz.<\/p>\n\n\n\n<p><strong>4. Adatmeg\u0151rz\u00e9si id\u0151szak<\/strong><\/p>\n\n\n\n<p>4.1 Az adatkezel\u0151 a szem\u00e9lyes adatokat a k\u00f6vetkez\u0151k szerint t\u00e1rolja<\/p>\n\n\n\n<p>4.1.1. az \u00d6n \u00e9s az adatkezel\u0151 k\u00f6z\u00f6tti szerz\u0151d\u00e9ses kapcsolatb\u00f3l ered\u0151 jogok \u00e9s k\u00f6telezetts\u00e9gek gyakorl\u00e1s\u00e1hoz, valamint az e szerz\u0151d\u00e9ses kapcsolatokb\u00f3l ered\u0151 ig\u00e9nyek \u00e9rv\u00e9nyes\u00edt\u00e9s\u00e9hez sz\u00fcks\u00e9ges ideig, valamint a vonatkoz\u00f3, \u00e1ltal\u00e1nosan k\u00f6telez\u0151 erej\u0171 jogi szab\u00e1lyoz\u00e1s szerinti archiv\u00e1l\u00e1shoz sz\u00fcks\u00e9ges ideig, de legfeljebb az \u00e1ltal\u00e1nosan k\u00f6telez\u0151 erej\u0171 jogi szab\u00e1lyoz\u00e1sban meghat\u00e1rozott id\u0151tartamig.<\/p>\n\n\n\n<p>4.1.2. mindaddig, am\u00edg a szem\u00e9lyes adatok marketing c\u00e9l\u00fa feldolgoz\u00e1s\u00e1hoz adott hozz\u00e1j\u00e1rul\u00e1s visszavon\u00e1sra ker\u00fcl, amennyiben a szem\u00e9lyes adatok feldolgoz\u00e1sa hozz\u00e1j\u00e1rul\u00e1s alapj\u00e1n t\u00f6rt\u00e9nik.<\/p>\n\n\n\n<p>4.2 A meg\u0151rz\u00e9si id\u0151szak lej\u00e1rt\u00e1t k\u00f6vet\u0151en az adatkezel\u0151 t\u00f6rli a szem\u00e9lyes adatokat.<\/p>\n\n\n\n<p><strong>5. Szem\u00e9lyes kedvezm\u00e9nyezettek<\/strong><strong>ch&nbsp;<\/strong><strong>adatok (alv\u00e1llalkoz\u00f3<\/strong><strong>\u00e9&nbsp;<\/strong><strong>spr<\/strong><strong>egy t\u00e9tel)<\/strong><\/p>\n\n\n\n<p>5.1 A szem\u00e9lyes adatok c\u00edmzettjei a k\u00f6vetkez\u0151 szem\u00e9lyek<\/p>\n\n\n\n<p>5.1.1. r\u00e9szt vesz az \u00e1ruk\/szolg\u00e1ltat\u00e1sok sz\u00e1ll\u00edt\u00e1s\u00e1ban\/ a szerz\u0151d\u00e9s szerinti kifizet\u00e9sek teljes\u00edt\u00e9s\u00e9ben,<\/p>\n\n\n\n<p>5.1.2. a web\u00e1ruh\u00e1z \u00fczemeltet\u00e9si szolg\u00e1ltat\u00e1sok \u00e9s a web\u00e1ruh\u00e1z \u00fczemeltet\u00e9s\u00e9vel kapcsolatos egy\u00e9b szolg\u00e1ltat\u00e1sok ny\u00fajt\u00e1sa,<\/p>\n\n\n\n<p>5.1.3. marketingszolg\u00e1ltat\u00e1sok ny\u00fajt\u00e1sa.<\/p>\n\n\n\n<p>5.2 Az adatkezel\u0151 nem sz\u00e1nd\u00e9kozik szem\u00e9lyes adatokat tov\u00e1bb\u00edtani harmadik orsz\u00e1gba (nem uni\u00f3s orsz\u00e1gba) vagy nemzetk\u00f6zi szervezetnek. A szem\u00e9lyes adatok c\u00edmzettjei harmadik orsz\u00e1gokban a levelez\u00e9si szolg\u00e1ltat\u00f3k\/felh\u0151szolg\u00e1ltat\u00f3k.<\/p>\n\n\n\n<p><strong>6. Az \u00d6n jogai<\/strong><\/p>\n\n\n\n<p>6.1 A GDPR \u00e9rtelm\u00e9ben \u00d6n a k\u00f6vetkez\u0151kkel rendelkezik<\/p>\n\n\n\n<p>6.1.1. a szem\u00e9lyes adatokhoz val\u00f3 hozz\u00e1f\u00e9r\u00e9s joga a GDPR 15. cikke szerint,<\/p>\n\n\n\n<p>6.1.2. a szem\u00e9lyes adatok helyesb\u00edt\u00e9s\u00e9hez val\u00f3 jog a GDPR 16. cikke alapj\u00e1n, illetve az adatkezel\u00e9s korl\u00e1toz\u00e1s\u00e1hoz val\u00f3 jog a GDPR 18. cikke alapj\u00e1n.<\/p>\n\n\n\n<p>6.1.3. a szem\u00e9lyes adatok t\u00f6rl\u00e9s\u00e9hez val\u00f3 jog a GDPR 17. cikke alapj\u00e1n.<\/p>\n\n\n\n<p>6.1.4. a GDPR 21. cikke szerinti, az adatkezel\u00e9s elleni tiltakoz\u00e1shoz val\u00f3 jog; \u00e9s<\/p>\n\n\n\n<p>6.1.5. a GDPR 20. cikke szerinti adathordozhat\u00f3s\u00e1ghoz val\u00f3 jog.<\/p>\n\n\n\n<p>6.1.6. az adatkezel\u00e9shez val\u00f3 hozz\u00e1j\u00e1rul\u00e1s visszavon\u00e1s\u00e1nak joga \u00edr\u00e1sban vagy elektronikus \u00faton az adatkezel\u0151nek a jelen \u00c1ltal\u00e1nos Szerz\u0151d\u00e9si Felt\u00e9telek III. cikk\u00e9ben meghat\u00e1rozott c\u00edm\u00e9re vagy e-mail c\u00edm\u00e9re k\u00fcld\u00f6tt lev\u00e9lben.<\/p>\n\n\n\n<p>6.2 \u00d6nnek joga van panaszt tenni a Szem\u00e9lyes Adatv\u00e9delmi Hivataln\u00e1l is, ha \u00fagy v\u00e9li, hogy adatv\u00e9delmi jogait megs\u00e9rtett\u00e9k.<\/p>\n\n\n\n<p><strong>7. A szem\u00e9lyes adatok biztons\u00e1g\u00e1ra vonatkoz\u00f3 felt\u00e9telek<\/strong><\/p>\n\n\n\n<p>7.1 Az Adatkezel\u0151 kijelenti, hogy megtett minden megfelel\u0151 technikai \u00e9s szervez\u00e9si int\u00e9zked\u00e9st a szem\u00e9lyes adatok v\u00e9delme \u00e9rdek\u00e9ben.<\/p>\n\n\n\n<p>7.2 Az adatkezel\u0151 technikai int\u00e9zked\u00e9seket tett az adatt\u00e1rol\u00e1s \u00e9s a szem\u00e9lyes adatok pap\u00edralap\u00fa t\u00e1rol\u00e1s\u00e1nak biztos\u00edt\u00e1sa \u00e9rdek\u00e9ben.<\/p>\n\n\n\n<p>7.3 Az adatkezel\u0151 kijelenti, hogy csak az \u00e1ltala felhatalmazott szem\u00e9lyek f\u00e9rhetnek hozz\u00e1 a szem\u00e9lyes adatokhoz.<\/p>\n\n\n\n<p><strong>8. Z\u00e1r\u00f3 rendelkez\u00e9sek<\/strong><\/p>\n\n\n\n<p>8.1 Az online megrendel\u0151lapon t\u00f6rt\u00e9n\u0151 megrendel\u00e9s elk\u00fcld\u00e9s\u00e9vel \u00d6n meger\u0151s\u00edti, hogy ismeri az adatv\u00e9delmi szab\u00e1lyzatot, \u00e9s azt teljes eg\u00e9sz\u00e9ben elfogadja.<\/p>\n\n\n\n<p>8.2 \u00d6n az online \u0171rlapon kereszt\u00fcl a beleegyez\u0151 n\u00e9gyzet bejel\u00f6l\u00e9s\u00e9vel elfogadja ezeket a felt\u00e9teleket. A beleegyez\u00e9s jel\u00f6l\u0151n\u00e9gyzet bejel\u00f6l\u00e9s\u00e9vel \u00d6n meger\u0151s\u00edti, hogy elolvasta az adatv\u00e9delmi szab\u00e1lyzatot, \u00e9s azt teljes eg\u00e9sz\u00e9ben elfogadja.<\/p>\n\n\n\n<p>8.3 A Rendszergazda jogosult megv\u00e1ltoztatni ezeket a felt\u00e9teleket. Az adatv\u00e9delmi szab\u00e1lyzat \u00faj v\u00e1ltozat\u00e1t k\u00f6zz\u00e9teszi a weboldal\u00e1n, \u00e9s az \u00d6n \u00e1ltal az adatkezel\u0151nek megadott e-mail c\u00edmre is megk\u00fcldi \u00d6nnek az adatv\u00e9delmi szab\u00e1lyzat \u00faj v\u00e1ltozat\u00e1t.<\/p>\n\n\n\n<p>Ezek a felt\u00e9telek 2025. j\u00falius 31-\u00e9n l\u00e9pnek hat\u00e1lyba.<\/p>","protected":false},"excerpt":{"rendered":"<p>Podm\u00ednky ochrany osobn\u00edch \u00fadaj\u016f 1.&nbsp;Z\u00e1kladn\u00ed ustanoven\u00ed 1.1.&nbsp;Spr\u00e1vcem osobn\u00edch \u00fadaj\u016f podle \u010dl. 4 bod 7 na\u0159\u00edzen\u00ed Evropsk\u00e9ho parlamentu a&nbsp;Rady (EU) 2016\/679 o&nbsp;ochran\u011b fyzick\u00fdch osob v&nbsp;souvislosti se&nbsp;zpracov\u00e1n\u00edm osobn\u00edch \u00fadaj\u016f a&nbsp;o&nbsp;voln\u00e9m pohybu t\u011bchto \u00fadaj\u016f (d\u00e1le jen: \u201eGDPR\u201d) je SV\u011aT KAMEN\u016e s.r.o., I\u010c:&nbsp;07496303, se&nbsp;s\u00eddlem n\u00e1b\u0159e\u017e\u00ed Dukelsk\u00fdch hrdin\u016f 2269, 756 61 Ro\u017enov pod&nbsp;Radho\u0161t\u011bm (d\u00e1le jen: \u201espr\u00e1vce\u201c). 1.2.&nbsp;Kontaktn\u00ed \u00fadaje spr\u00e1vce jsou [&hellip;]<\/p>","protected":false},"author":1,"featured_media":0,"parent":0,"menu_order":0,"comment_status":"closed","ping_status":"closed","template":"","meta":{"footnotes":""},"class_list":["post-3","page","type-page","status-publish","hentry"],"aioseo_notices":[],"_links":{"self":[{"href":"https:\/\/mincool.org\/hu\/wp-json\/wp\/v2\/pages\/3","targetHints":{"allow":["GET"]}}],"collection":[{"href":"https:\/\/mincool.org\/hu\/wp-json\/wp\/v2\/pages"}],"about":[{"href":"https:\/\/mincool.org\/hu\/wp-json\/wp\/v2\/types\/page"}],"author":[{"embeddable":true,"href":"https:\/\/mincool.org\/hu\/wp-json\/wp\/v2\/users\/1"}],"replies":[{"embeddable":true,"href":"https:\/\/mincool.org\/hu\/wp-json\/wp\/v2\/comments?post=3"}],"version-history":[{"count":1,"href":"https:\/\/mincool.org\/hu\/wp-json\/wp\/v2\/pages\/3\/revisions"}],"predecessor-version":[{"id":130,"href":"https:\/\/mincool.org\/hu\/wp-json\/wp\/v2\/pages\/3\/revisions\/130"}],"wp:attachment":[{"href":"https:\/\/mincool.org\/hu\/wp-json\/wp\/v2\/media?parent=3"}],"curies":[{"name":"wp","href":"https:\/\/api.w.org\/{rel}","templated":true}]}}