{"id":3,"date":"2025-07-30T08:09:35","date_gmt":"2025-07-30T08:09:35","guid":{"rendered":"https:\/\/mincool.org\/?page_id=3"},"modified":"2025-07-31T08:08:53","modified_gmt":"2025-07-31T08:08:53","slug":"integritetspolicy","status":"publish","type":"page","link":"https:\/\/mincool.org\/sv\/integritetspolicy\/","title":{"rendered":"Integritetspolicy"},"content":{"rendered":"<h2 class=\"wp-block-heading\">Integritetspolicy<\/h2>\n\n\n\n<p><strong>1.<\/strong>&nbsp;<strong>Grundl\u00e4ggande best\u00e4mmelser<\/strong><\/p>\n\n\n\n<p>1.1. Personuppgiftsansvarig i enlighet med artikel 4.7 i Europaparlamentets och r\u00e5dets f\u00f6rordning (EU) 2016\/679 om skydd f\u00f6r fysiska personer med avseende p\u00e5 behandling av personuppgifter och om det fria fl\u00f6det av s\u00e5dana uppgifter (nedan kallad \u201e<strong>GDPR<\/strong>\u201d) \u00e4r SV\u011aT KAMEN\u016e s.r.o., ID-nummer: 07496303, med s\u00e4te p\u00e5 adressen n\u00e1b\u0159e\u017e\u00ed Dukelsk\u00fdch hrdin\u016f 2269, 756 61 Ro\u017enov pod Radho\u0161t\u011bm (nedan kallad \u201e<strong>Administrat\u00f6r<\/strong>\u201c).<\/p>\n\n\n\n<p>1.2 Kontaktuppgifter till administrat\u00f6ren \u00e4r - Pavla K\u0159enkov\u00e1<\/p>\n\n\n\n<p>Adress: n\u00e1b\u0159e\u017e\u00ed Dukelsk\u00fdch hrdin\u016f 2269, 756 61 Ro\u017enov pod Radho\u0161t\u011bm.&nbsp;&nbsp;&nbsp;&nbsp;&nbsp;&nbsp;&nbsp;&nbsp;&nbsp;<\/p>\n\n\n\n<p>E-post: info@svetkamenu.cz<\/p>\n\n\n\n<p>telefon: +420 571 657 766<\/p>\n\n\n\n<p>1.3 Med personuppgifter avses all information om en identifierad eller identifierbar fysisk person; en identifierbar fysisk person \u00e4r en fysisk person som kan identifieras, direkt eller indirekt, s\u00e4rskilt med h\u00e4nvisning till en identifierare som ett namn, ett identifikationsnummer, lokaliseringsuppgifter, en n\u00e4tverksidentifierare eller till en eller flera specifika delar av den fysiska, fysiologiska, genetiska, psykiska, ekonomiska, kulturella eller sociala identiteten hos den fysiska personen.<\/p>\n\n\n\n<p>1.4 Den personuppgiftsansvarige har inte utsett n\u00e5got dataskyddsombud.<\/p>\n\n\n\n<p><strong>2.&nbsp;<\/strong><strong>K\u00e4llor och kategorier av personuppgifter som behandlas<\/strong><\/p>\n\n\n\n<p>2.1 Den personuppgiftsansvarige behandlar personuppgifter som du har l\u00e4mnat till den personuppgiftsansvarige eller personuppgifter som den personuppgiftsansvarige har f\u00e5tt till f\u00f6ljd av att din best\u00e4llning har fullgjorts.<\/p>\n\n\n\n<p>2.2 Den personuppgiftsansvarige behandlar dina identifierings- och kontaktuppgifter samt uppgifter som \u00e4r n\u00f6dv\u00e4ndiga f\u00f6r att fullg\u00f6ra avtalet.<\/p>\n\n\n\n<p><strong>3.<\/strong>&nbsp;<strong>Z\u00e1<\/strong><strong>conn<\/strong><strong>sk\u00e4let till och syftet med behandlingen av personuppgifterna<\/strong><strong>ch&nbsp;<\/strong><strong>data<\/strong><\/p>\n\n\n\n<p>3.1 Den lagliga grunden f\u00f6r behandling av personuppgifter \u00e4r<\/p>\n\n\n\n<p>3.1.1. fullg\u00f6rande av avtalet mellan dig och den personuppgiftsansvarige i enlighet med artikel 6.1 b i GDPR,<\/p>\n\n\n\n<p>3.1.2. den personuppgiftsansvariges ber\u00e4ttigade intresse av att tillhandah\u00e5lla direktmarknadsf\u00f6ring (s\u00e4rskilt f\u00f6r att skicka kommersiella meddelanden och nyhetsbrev) i enlighet med artikel 6.1 f i GDPR,<\/p>\n\n\n\n<p>3.1.3. ditt samtycke till behandling i syfte att tillhandah\u00e5lla direktmarknadsf\u00f6ring (s\u00e4rskilt f\u00f6r att skicka kommersiella meddelanden och nyhetsbrev) enligt artikel 6.1 a i GDPR i samband med avsnitt 7.2 i lag nr 480\/2004 Coll. om vissa informationssamh\u00e4llets tj\u00e4nster, i avsaknad av en best\u00e4llning av varor eller tj\u00e4nster.<\/p>\n\n\n\n<p>3.2 \u00c4ndam\u00e5let med behandlingen av personuppgifter \u00e4r<\/p>\n\n\n\n<p>3.2.1. behandla din best\u00e4llning och ut\u00f6va de r\u00e4ttigheter och skyldigheter som f\u00f6ljer av avtalsf\u00f6rh\u00e5llandet mellan dig och administrat\u00f6ren; n\u00e4r du g\u00f6r en best\u00e4llning kr\u00e4vs personuppgifter som \u00e4r n\u00f6dv\u00e4ndiga f\u00f6r en framg\u00e5ngsrik behandling av best\u00e4llningen (namn och adress, kontakt), tillhandah\u00e5llandet av personuppgifter \u00e4r en n\u00f6dv\u00e4ndig f\u00f6ruts\u00e4ttning f\u00f6r ing\u00e5ende och fullg\u00f6rande av avtalet, utan tillhandah\u00e5llande av personuppgifter \u00e4r det inte m\u00f6jligt att ing\u00e5 avtalet eller dess fullg\u00f6rande av administrat\u00f6ren,<\/p>\n\n\n\n<p>3.2.2. skicka kommersiella meddelanden och utf\u00f6ra andra marknadsf\u00f6ringsaktiviteter.<\/p>\n\n\n\n<p>3.3 Det f\u00f6rekommer inget automatiskt individuellt beslutsfattande av den personuppgiftsansvarige i den mening som avses i artikel 22 i GDPR. Du har gett ditt uttryckliga samtycke till s\u00e5dan behandling.<\/p>\n\n\n\n<p><strong>4. Period f\u00f6r bevarande av uppgifter<\/strong><\/p>\n\n\n\n<p>4.1 Den personuppgiftsansvarige ska lagra personuppgifter<\/p>\n\n\n\n<p>4.1.1. under den period som \u00e4r n\u00f6dv\u00e4ndig f\u00f6r att ut\u00f6va de r\u00e4ttigheter och skyldigheter som f\u00f6ljer av avtalsf\u00f6rh\u00e5llandet mellan dig och den personuppgiftsansvarige och f\u00f6r att g\u00f6ra anspr\u00e5k g\u00e4llande som f\u00f6ljer av dessa avtalsf\u00f6rh\u00e5llanden, och under den period som \u00e4r n\u00f6dv\u00e4ndig f\u00f6r arkiverings\u00e4ndam\u00e5l enligt relevanta allm\u00e4nt bindande r\u00e4ttsliga best\u00e4mmelser, men inte l\u00e4ngre \u00e4n den period som anges i allm\u00e4nt bindande r\u00e4ttsliga best\u00e4mmelser.<\/p>\n\n\n\n<p>4.1.2. s\u00e5 l\u00e4nge som samtycket till behandling av personuppgifter f\u00f6r marknadsf\u00f6rings\u00e4ndam\u00e5l \u00e5terkallas, om personuppgifterna behandlas p\u00e5 grundval av samtycke.<\/p>\n\n\n\n<p>4.2 N\u00e4r lagringstiden har l\u00f6pt ut ska den personuppgiftsansvarige radera personuppgifterna.<\/p>\n\n\n\n<p><strong>5. Personliga f\u00f6rm\u00e5nstagare<\/strong><strong>ch&nbsp;<\/strong><strong>data (underleverant\u00f6r<\/strong><strong>\u00e9&nbsp;<\/strong><strong>spr<\/strong><strong>ett parti)<\/strong><\/p>\n\n\n\n<p>5.1 Mottagare av personuppgifter \u00e4r personer<\/p>\n\n\n\n<p>5.1.1. som \u00e4r involverad i leverans av varor\/tj\u00e4nster\/betalning enligt avtalet,<\/p>\n\n\n\n<p>5.1.2. tillhandah\u00e5lla tj\u00e4nster f\u00f6r drift av e-butiken och andra tj\u00e4nster i samband med driften av e-butiken,<\/p>\n\n\n\n<p>5.1.3. tillhandah\u00e5lla marknadsf\u00f6ringstj\u00e4nster.<\/p>\n\n\n\n<p>5.2 Den personuppgiftsansvarige har inte f\u00f6r avsikt att \u00f6verf\u00f6ra personuppgifter till ett tredje land (land utanf\u00f6r EU) eller en internationell organisation. Mottagare av personuppgifter i tredje land \u00e4r leverant\u00f6rer av e-posttj\u00e4nster\/molntj\u00e4nster.<\/p>\n\n\n\n<p><strong>6. Dina r\u00e4ttigheter<\/strong><\/p>\n\n\n\n<p>6.1 I enlighet med villkoren i GDPR har du<\/p>\n\n\n\n<p>6.1.1. r\u00e4tten att f\u00e5 tillg\u00e5ng till dina personuppgifter enligt artikel 15 i GDPR,<\/p>\n\n\n\n<p>6.1.2. r\u00e4tten till r\u00e4ttelse av personuppgifter enligt artikel 16 i dataskyddsf\u00f6rordningen eller begr\u00e4nsning av behandling enligt artikel 18 i dataskyddsf\u00f6rordningen.<\/p>\n\n\n\n<p>6.1.3. r\u00e4tten till radering av personuppgifter i enlighet med artikel 17 i dataskyddsf\u00f6rordningen.<\/p>\n\n\n\n<p>6.1.4. r\u00e4tten att inv\u00e4nda mot behandling i enlighet med artikel 21 i GDPR, och<\/p>\n\n\n\n<p>6.1.5. r\u00e4tten till dataportabilitet enligt artikel 20 i GDPR.<\/p>\n\n\n\n<p>6.1.6. r\u00e4tt att \u00e5terkalla samtycke till behandling skriftligen eller elektroniskt till den personuppgiftsansvariges adress eller e-postadress som anges i artikel III i dessa villkor.<\/p>\n\n\n\n<p>6.2 Du har ocks\u00e5 r\u00e4tt att l\u00e4mna in ett klagom\u00e5l till Byr\u00e5n f\u00f6r skydd av personuppgifter om du anser att dina dataskyddsr\u00e4ttigheter har kr\u00e4nkts.<\/p>\n\n\n\n<p><strong>7. Villkor f\u00f6r s\u00e4kerhet f\u00f6r personuppgifter<\/strong><\/p>\n\n\n\n<p>7.1 Den personuppgiftsansvarige f\u00f6rklarar att denne har vidtagit alla l\u00e4mpliga tekniska och organisatoriska \u00e5tg\u00e4rder f\u00f6r att skydda personuppgifter.<\/p>\n\n\n\n<p>7.2 Den personuppgiftsansvarige har vidtagit tekniska \u00e5tg\u00e4rder f\u00f6r att s\u00e4kra datalagring och lagring av personuppgifter i pappersform.<\/p>\n\n\n\n<p>7.3 Den personuppgiftsansvarige f\u00f6rs\u00e4krar att endast personer som \u00e4r beh\u00f6riga av den personuppgiftsansvarige har tillg\u00e5ng till personuppgifter.<\/p>\n\n\n\n<p><strong>8. Slutliga best\u00e4mmelser<\/strong><\/p>\n\n\n\n<p>8.1 Genom att skicka en best\u00e4llning fr\u00e5n onlinebest\u00e4llningsformul\u00e4ret bekr\u00e4ftar du att du \u00e4r medveten om integritetspolicyn och att du accepterar den i sin helhet.<\/p>\n\n\n\n<p>8.2 Du godk\u00e4nner dessa villkor genom att kryssa i samtyckesrutan via onlineformul\u00e4ret. Genom att kryssa i samtyckesrutan bekr\u00e4ftar du att du har l\u00e4st integritetspolicyn och att du accepterar den i sin helhet.<\/p>\n\n\n\n<p>8.3 Administrat\u00f6ren har r\u00e4tt att \u00e4ndra dessa villkor. Den kommer att publicera den nya versionen av integritetspolicyn p\u00e5 sin webbplats och kommer ocks\u00e5 att skicka den nya versionen av integritetspolicyn till den e-postadress som du har angett till den personuppgiftsansvarige.<\/p>\n\n\n\n<p>Dessa villkor tr\u00e4der i kraft den 31 juli 2025<\/p>","protected":false},"excerpt":{"rendered":"<p>Podm\u00ednky ochrany osobn\u00edch \u00fadaj\u016f 1.&nbsp;Z\u00e1kladn\u00ed ustanoven\u00ed 1.1.&nbsp;Spr\u00e1vcem osobn\u00edch \u00fadaj\u016f podle \u010dl. 4 bod 7 na\u0159\u00edzen\u00ed Evropsk\u00e9ho parlamentu a&nbsp;Rady (EU) 2016\/679 o&nbsp;ochran\u011b fyzick\u00fdch osob v&nbsp;souvislosti se&nbsp;zpracov\u00e1n\u00edm osobn\u00edch \u00fadaj\u016f a&nbsp;o&nbsp;voln\u00e9m pohybu t\u011bchto \u00fadaj\u016f (d\u00e1le jen: \u201eGDPR\u201d) je SV\u011aT KAMEN\u016e s.r.o., I\u010c:&nbsp;07496303, se&nbsp;s\u00eddlem n\u00e1b\u0159e\u017e\u00ed Dukelsk\u00fdch hrdin\u016f 2269, 756 61 Ro\u017enov pod&nbsp;Radho\u0161t\u011bm (d\u00e1le jen: \u201espr\u00e1vce\u201c). 1.2.&nbsp;Kontaktn\u00ed \u00fadaje spr\u00e1vce jsou [&hellip;]<\/p>","protected":false},"author":1,"featured_media":0,"parent":0,"menu_order":0,"comment_status":"closed","ping_status":"closed","template":"","meta":{"footnotes":""},"class_list":["post-3","page","type-page","status-publish","hentry"],"aioseo_notices":[],"_links":{"self":[{"href":"https:\/\/mincool.org\/sv\/wp-json\/wp\/v2\/pages\/3","targetHints":{"allow":["GET"]}}],"collection":[{"href":"https:\/\/mincool.org\/sv\/wp-json\/wp\/v2\/pages"}],"about":[{"href":"https:\/\/mincool.org\/sv\/wp-json\/wp\/v2\/types\/page"}],"author":[{"embeddable":true,"href":"https:\/\/mincool.org\/sv\/wp-json\/wp\/v2\/users\/1"}],"replies":[{"embeddable":true,"href":"https:\/\/mincool.org\/sv\/wp-json\/wp\/v2\/comments?post=3"}],"version-history":[{"count":1,"href":"https:\/\/mincool.org\/sv\/wp-json\/wp\/v2\/pages\/3\/revisions"}],"predecessor-version":[{"id":130,"href":"https:\/\/mincool.org\/sv\/wp-json\/wp\/v2\/pages\/3\/revisions\/130"}],"wp:attachment":[{"href":"https:\/\/mincool.org\/sv\/wp-json\/wp\/v2\/media?parent=3"}],"curies":[{"name":"wp","href":"https:\/\/api.w.org\/{rel}","templated":true}]}}